{"id":381,"date":"2022-07-29T10:01:12","date_gmt":"2022-07-29T08:01:12","guid":{"rendered":"https:\/\/www.excarbonell.com\/empresa\/"},"modified":"2023-07-12T12:02:03","modified_gmt":"2023-07-12T10:02:03","slug":"empresa","status":"publish","type":"page","link":"https:\/\/www.excarbonell.com\/es\/empresa\/","title":{"rendered":"Empresa"},"content":{"rendered":"<div class=\"vce-row-container\" data-vce-boxed-width=\"true\"><div class=\"vce-row vce-row--xl--has-col-background vce-row--lg--has-col-background vce-row--md--has-col-background vce-row--sm--has-col-background vce-row--xs--has-col-background vce-element--xl--has-background vce-element--lg--has-background vce-element--md--has-background vce-element--sm--has-background vce-element--xs--has-background vce-row--col-gap-0 vce-row-equal-height vce-row-content--top\" id=\"el-b5a15726\" data-vce-do-apply=\"all el-b5a15726\"><div class=\"vce-content-background-container\"><\/div><div class=\"vce-row-content\" data-vce-element-content=\"true\"><div class=\"vce-col vce-col--xs-100p vce-col--xs-visible vce-col--xs-last vce-col--xs-first vce-col--sm-100p vce-col--sm-visible vce-col--sm-last vce-col--sm-first vce-col--md-100p vce-col--md-visible vce-col--md-last vce-col--md-first vce-col--lg-auto vce-col--lg-visible vce-col--lg-first vce-col--xl-auto vce-col--xl-visible vce-col--xl-first\" id=\"el-378c346b\"><div class=\"vce-col-inner\" data-vce-do-apply=\"border margin background  el-378c346b\"><div class=\"vce-col-content\" data-vce-element-content=\"true\" data-vce-do-apply=\"padding el-378c346b\"><div class=\"vce-row-container\" data-vce-boxed-width=\"true\"><div class=\"vce-row vce-row--col-gap-30 vce-row-equal-height vce-row-content--top\" id=\"el-470548fe\" data-vce-do-apply=\"all el-470548fe\"><div class=\"vce-content-background-container\"><\/div><div class=\"vce-row-content\" data-vce-element-content=\"true\"><div class=\"vce-col vce-col--md-auto vce-col--xs-1 vce-col--xs-last vce-col--xs-first vce-col--sm-last vce-col--sm-first vce-col--md-last vce-col--lg-last vce-col--xl-last vce-col--md-first vce-col--lg-first vce-col--xl-first\" id=\"el-7c1cc359\"><div class=\"vce-col-inner\" data-vce-do-apply=\"border margin background  el-7c1cc359\"><div class=\"vce-col-content\" data-vce-element-content=\"true\" data-vce-do-apply=\"padding el-7c1cc359\"><div class=\"vce-text-block\"><div class=\"vce-text-block-wrapper vce\" id=\"el-7dffeac2\" data-vce-do-apply=\"all el-7dffeac2\"><h2>La experiencia de tres generaciones<\/h2>\r\n<p>Carbonell Excavacions es una empresa familiar de 3\u00aa generaci\u00f3n que ha mantenido el esp\u00edritu de autoexigencia y superaci\u00f3n de Santiago Carbonell Alas\u00e0, que inici\u00f3 la actividad a principios de los a\u00f1os 30 en Vallmoll.&nbsp;&nbsp;&nbsp;<\/p>\r\n<p>Disponemos de un equipo humano altamente cualificado con una larga experiencia y en constante formaci\u00f3n, que juntamente con una flota propia de maquinaria es la base para ofrecer un servicio de calidad, \u00e1gil y orientado a la optimizaci\u00f3n de procesos.<\/p><\/div><\/div><div class=\"vce-single-image-container vce-single-image--align-left\"><div class=\"vce vce-single-image-wrapper\" id=\"el-d2b2fb92\" data-vce-do-apply=\"all el-d2b2fb92\"><figure><div class=\"vce-single-image-figure-inner\" style=\"width: 770px;\"><div class=\"vce-single-image-inner vce-single-image--absolute\" style=\"width: 100%; padding-bottom: 56.3636%;\"><img loading=\"lazy\" decoding=\"async\" class=\"vce-single-image\"  width=\"770\" height=\"434\" srcset=\"https:\/\/www.excarbonell.com\/wp\/wp-content\/uploads\/2022\/08\/tercera-generacio\u0301-320x180.jpg 320w, https:\/\/www.excarbonell.com\/wp\/wp-content\/uploads\/2022\/08\/tercera-generacio\u0301-480x271.jpg 480w, https:\/\/www.excarbonell.com\/wp\/wp-content\/uploads\/2023\/07\/tercera-generacio\u0301-770x434.jpg 770w\" src=\"https:\/\/www.excarbonell.com\/wp\/wp-content\/uploads\/2023\/07\/tercera-generacio\u0301-770x434.jpg\" data-img-src=\"https:\/\/www.excarbonell.com\/wp\/wp-content\/uploads\/2022\/08\/tercera-generacio\u0301.jpg\" data-attachment-id=\"76\"  alt=\"\" title=\"tercera-generacio\u0301\" \/><\/div><\/div><figcaption hidden=\"\"><\/figcaption><\/figure><\/div><\/div><\/div><\/div><\/div><\/div><\/div><\/div><\/div><\/div><\/div><div class=\"vce-col vce-element--xl--has-background vce-element--lg--has-background vce-element--md--has-background vce-element--sm--has-background vce-element--xs--has-background vce-col--xs-100p vce-col--xs-visible vce-col--xs-last vce-col--xs-first vce-col--sm-100p vce-col--sm-visible vce-col--sm-last vce-col--sm-first vce-col--md-100p vce-col--md-visible vce-col--md-last vce-col--md-first vce-col--lg-auto vce-col--lg-visible vce-col--lg-last vce-col--xl-auto vce-col--xl-visible vce-col--xl-last\" id=\"el-543ace84\"><div class=\"vce-col-inner\" data-vce-do-apply=\"border margin background  el-543ace84\"><div class=\"vce-content-background-container\"><div class=\"vce-asset-background-simple-container vce-visible-xl-only vce-asset-background-simple--style-cover vce-asset-background-simple--position-center-top\"><div class=\"vce-asset-background-simple\">\r\n              <div class=\"vce-asset-background-simple-item vcv-lozad\" data-background-image=\"https:\/\/www.excarbonell.com\/wp\/wp-content\/uploads\/2022\/08\/moviments-de-terres.jpg\"><\/div>\r\n              <noscript>\r\n                <div class=\"vce-asset-background-simple-item\" style=\"background-image: url(https:\/\/www.excarbonell.com\/wp\/wp-content\/uploads\/2022\/08\/moviments-de-terres.jpg)\"><\/div>\r\n              <\/noscript>\r\n            <\/div><\/div><div class=\"vce-asset-background-simple-container vce-visible-lg-only vce-asset-background-simple--style-cover vce-asset-background-simple--position-center-top\"><div class=\"vce-asset-background-simple\">\r\n              <div class=\"vce-asset-background-simple-item vcv-lozad\" data-background-image=\"https:\/\/www.excarbonell.com\/wp\/wp-content\/uploads\/2022\/08\/moviments-de-terres.jpg\"><\/div>\r\n              <noscript>\r\n                <div class=\"vce-asset-background-simple-item\" style=\"background-image: url(https:\/\/www.excarbonell.com\/wp\/wp-content\/uploads\/2022\/08\/moviments-de-terres.jpg)\"><\/div>\r\n              <\/noscript>\r\n            <\/div><\/div><div class=\"vce-asset-background-simple-container vce-visible-md-only vce-asset-background-simple--style-cover vce-asset-background-simple--position-center-top\"><div class=\"vce-asset-background-simple\">\r\n              <div class=\"vce-asset-background-simple-item vcv-lozad\" data-background-image=\"https:\/\/www.excarbonell.com\/wp\/wp-content\/uploads\/2022\/08\/moviments-de-terres.jpg\"><\/div>\r\n              <noscript>\r\n                <div class=\"vce-asset-background-simple-item\" style=\"background-image: url(https:\/\/www.excarbonell.com\/wp\/wp-content\/uploads\/2022\/08\/moviments-de-terres.jpg)\"><\/div>\r\n              <\/noscript>\r\n            <\/div><\/div><div class=\"vce-asset-background-simple-container vce-visible-sm-only vce-asset-background-simple--style-cover vce-asset-background-simple--position-center-top\"><div class=\"vce-asset-background-simple\">\r\n              <div class=\"vce-asset-background-simple-item vcv-lozad\" data-background-image=\"https:\/\/www.excarbonell.com\/wp\/wp-content\/uploads\/2022\/08\/moviments-de-terres.jpg\"><\/div>\r\n              <noscript>\r\n                <div class=\"vce-asset-background-simple-item\" style=\"background-image: url(https:\/\/www.excarbonell.com\/wp\/wp-content\/uploads\/2022\/08\/moviments-de-terres.jpg)\"><\/div>\r\n              <\/noscript>\r\n            <\/div><\/div><div class=\"vce-asset-background-simple-container vce-visible-xs-only vce-asset-background-simple--style-cover vce-asset-background-simple--position-center-top\"><div class=\"vce-asset-background-simple\">\r\n              <div class=\"vce-asset-background-simple-item vcv-lozad\" data-background-image=\"https:\/\/www.excarbonell.com\/wp\/wp-content\/uploads\/2022\/08\/moviments-de-terres.jpg\"><\/div>\r\n              <noscript>\r\n                <div class=\"vce-asset-background-simple-item\" style=\"background-image: url(https:\/\/www.excarbonell.com\/wp\/wp-content\/uploads\/2022\/08\/moviments-de-terres.jpg)\"><\/div>\r\n              <\/noscript>\r\n            <\/div><\/div><\/div><div class=\"vce-col-content\" data-vce-element-content=\"true\" data-vce-do-apply=\"padding el-543ace84\"><div><\/div><\/div><\/div><\/div><\/div><\/div><\/div><div class=\"vce-row-container\" data-vce-boxed-width=\"true\"><div class=\"vce-row vce-element--xl--has-background vce-element--lg--has-background vce-element--md--has-background vce-element--sm--has-background vce-element--xs--has-background vce-row--col-gap-100 vce-row-equal-height vce-row-content--top\" id=\"el-11e799ed\" data-vce-do-apply=\"all el-11e799ed\"><div class=\"vce-content-background-container\"><\/div><div class=\"vce-row-content\" data-vce-element-content=\"true\"><div class=\"vce-col vce-col--xs-100p vce-col--xs-visible vce-col--xs-last vce-col--xs-first vce-col--sm-100p vce-col--sm-visible vce-col--sm-last vce-col--sm-first vce-col--md-100p vce-col--md-visible vce-col--md-last vce-col--md-first vce-col--lg-auto vce-col--lg-visible vce-col--lg-first vce-col--xl-auto vce-col--xl-visible vce-col--xl-first\" id=\"el-a6ddb9f3\"><div class=\"vce-col-inner\" data-vce-do-apply=\"border margin background  el-a6ddb9f3\"><div class=\"vce-col-content\" data-vce-element-content=\"true\" data-vce-do-apply=\"padding el-a6ddb9f3\"><div class=\"vce-single-image-container vce-single-image--align-left\"><div class=\"vce vce-single-image-wrapper\" id=\"el-d506e1a2\" data-vce-do-apply=\"all el-d506e1a2\"><figure><div class=\"vce-single-image-figure-inner\" style=\"width: 886px;\"><div class=\"vce-single-image-inner vce-single-image--absolute\" style=\"width: 100%; padding-bottom: 61.3995%;\"><img loading=\"lazy\" decoding=\"async\" class=\"vce-single-image\"  width=\"886\" height=\"544\" srcset=\"https:\/\/www.excarbonell.com\/wp\/wp-content\/uploads\/2022\/08\/serveis-topogra\u0300fics-320x196.jpg 320w, https:\/\/www.excarbonell.com\/wp\/wp-content\/uploads\/2022\/08\/serveis-topogra\u0300fics-480x295.jpg 480w, https:\/\/www.excarbonell.com\/wp\/wp-content\/uploads\/2022\/08\/serveis-topogra\u0300fics-800x491.jpg 800w, https:\/\/www.excarbonell.com\/wp\/wp-content\/uploads\/2023\/07\/serveis-topogra\u0300fics-886x544.jpg 886w\" src=\"https:\/\/www.excarbonell.com\/wp\/wp-content\/uploads\/2023\/07\/serveis-topogra\u0300fics-886x544.jpg\" data-img-src=\"https:\/\/www.excarbonell.com\/wp\/wp-content\/uploads\/2022\/08\/serveis-topogra\u0300fics.jpg\" data-attachment-id=\"77\"  alt=\"\" title=\"serveis topogra\u0300fics\" \/><\/div><\/div><figcaption hidden=\"\"><\/figcaption><\/figure><\/div><\/div><div class=\"vce-text-block\"><div class=\"vce-text-block-wrapper vce\" id=\"el-d7ee2409\" data-vce-do-apply=\"all el-d7ee2409\"><h2>1990 Servicios topogr\u00e1ficos<\/h2>\r\n<p>En 1990 incorporamos un departamento de topograf\u00eda para complementar todas las fases de ejecuci\u00f3n del proyecto, desde la planificaci\u00f3n inicial a la supervisi\u00f3n telem\u00e9trica 3D incorporada a nuestra maquinaria.<\/p>\r\n<p><a href=\"https:\/\/www.excarbonell.com\/es\/servicios-topograficos\/\">Leer m\u00e1s<\/a><\/p><\/div><\/div><\/div><\/div><\/div><div class=\"vce-col vce-col--xs-100p vce-col--xs-visible vce-col--xs-last vce-col--xs-first vce-col--sm-100p vce-col--sm-visible vce-col--sm-last vce-col--sm-first vce-col--md-100p vce-col--md-visible vce-col--md-last vce-col--md-first vce-col--lg-auto vce-col--lg-visible vce-col--lg-last vce-col--xl-auto vce-col--xl-visible vce-col--xl-last\" id=\"el-72a4670c\"><div class=\"vce-col-inner\" data-vce-do-apply=\"border margin background  el-72a4670c\"><div class=\"vce-col-content\" data-vce-element-content=\"true\" data-vce-do-apply=\"padding el-72a4670c\"><div class=\"vce-single-image-container vce-single-image--align-left\"><div class=\"vce vce-single-image-wrapper\" id=\"el-436a1b06\" data-vce-do-apply=\"all el-436a1b06\"><figure><div class=\"vce-single-image-figure-inner\" style=\"width: 886px;\"><div class=\"vce-single-image-inner vce-single-image--absolute\" style=\"width: 100%; padding-bottom: 61.3995%;\"><img loading=\"lazy\" decoding=\"async\" class=\"vce-single-image\"  width=\"886\" height=\"544\" srcset=\"https:\/\/www.excarbonell.com\/wp\/wp-content\/uploads\/2023\/07\/planta-de-reciclatge-a-valls-320x196.jpg 320w, https:\/\/www.excarbonell.com\/wp\/wp-content\/uploads\/2023\/07\/planta-de-reciclatge-a-valls-480x295.jpg 480w, https:\/\/www.excarbonell.com\/wp\/wp-content\/uploads\/2023\/07\/planta-de-reciclatge-a-valls-800x491.jpg 800w, https:\/\/www.excarbonell.com\/wp\/wp-content\/uploads\/2023\/07\/planta-de-reciclatge-a-valls-886x544.jpg 886w\" src=\"https:\/\/www.excarbonell.com\/wp\/wp-content\/uploads\/2023\/07\/planta-de-reciclatge-a-valls-886x544.jpg\" data-img-src=\"https:\/\/www.excarbonell.com\/wp\/wp-content\/uploads\/2023\/07\/planta-de-reciclatge-a-valls.jpg\" data-attachment-id=\"285\"  alt=\"planta de reciclatge a valls\" title=\"planta-de-reciclatge-a-valls\" \/><\/div><\/div><figcaption hidden=\"\"><\/figcaption><\/figure><\/div><\/div><div class=\"vce-text-block\"><div class=\"vce-text-block-wrapper vce\" id=\"el-144df993\" data-vce-do-apply=\"all el-144df993\"><h2>2010 Planta de <br>reciclaje en Valls<\/h2>\r\n<p>Desde 2010 somos gestores de residuos de la construcci\u00f3n autorizados por la Ag\u00e8ncia de Residus de Catalunya. En nuestra planta de reciclaje y tratamiento de residuos damos servicio en toda la comarca del Alt Camp, tanto a nuestros clientes como a empresas externas.<\/p>\r\n<p><a href=\"https:\/\/www.excarbonell.com\/es\/gestion-de-residuos\/\">Leer m\u00e1s<\/a><\/p><\/div><\/div><\/div><\/div><\/div><\/div><\/div><\/div><div class=\"vce-row-container\" data-vce-boxed-width=\"true\"><div class=\"vce-row vce-row--has-col-background vce-row--col-gap-0 vce-row-equal-height vce-row-content--top\" id=\"el-77c338ea\" data-vce-do-apply=\"all el-77c338ea\"><div class=\"vce-content-background-container\"><\/div><div class=\"vce-row-content\" data-vce-element-content=\"true\"><div class=\"vce-col vce-element--has-background vce-col--xs-100p vce-col--xs-visible vce-col--xs-last vce-col--xs-first vce-col--sm-100p vce-col--sm-visible vce-col--sm-last vce-col--sm-first vce-col--md-100p vce-col--md-visible vce-col--md-last vce-col--md-first vce-col--lg-auto vce-col--lg-visible vce-col--lg-first vce-col--xl-auto vce-col--xl-visible vce-col--xl-first\" id=\"el-60934d6d\"><div class=\"vce-col-inner\" data-vce-do-apply=\"border margin background  el-60934d6d\"><div class=\"vce-content-background-container\"><\/div><div class=\"vce-col-content\" data-vce-element-content=\"true\" data-vce-do-apply=\"padding el-60934d6d\"><div class=\"vce-row-container\" data-vce-boxed-width=\"true\"><div class=\"vce-row vce-row--col-gap-30 vce-row-equal-height vce-row-content--top\" id=\"el-3c5f4453\" data-vce-do-apply=\"all el-3c5f4453\"><div class=\"vce-content-background-container\"><\/div><div class=\"vce-row-content\" data-vce-element-content=\"true\"><div class=\"vce-col vce-col--md-auto vce-col--xs-1 vce-col--xs-last vce-col--xs-first vce-col--sm-last vce-col--sm-first vce-col--md-last vce-col--lg-last vce-col--xl-last vce-col--md-first vce-col--lg-first vce-col--xl-first\" id=\"el-7f163576\"><div class=\"vce-col-inner\" data-vce-do-apply=\"border margin background  el-7f163576\"><div class=\"vce-col-content\" data-vce-element-content=\"true\" data-vce-do-apply=\"padding el-7f163576\"><div class=\"vce-text-block\"><div class=\"vce-text-block-wrapper vce\" id=\"el-1625b75e\" data-vce-do-apply=\"all el-1625b75e\"><h2>\u00c1mbito geogr\u00e1fico<\/h2>\r\n<p>Desde los inicios de la empresa nos hemos centrado en ofrecer un servicio de proximidad en ayuntamientos, organismos p\u00fablicos, empresas privadas y particulares de la comarca de Alt Camp y del resto de la provincia de Tarragona.<\/p><\/div><\/div><div class=\"vce-single-image-container vce-single-image--align-left\"><div class=\"vce vce-single-image-wrapper\" id=\"el-ae0be451\" data-vce-do-apply=\"all el-ae0be451\"><figure><div class=\"vce-single-image-figure-inner\" style=\"width: 770px;\"><div class=\"vce-single-image-inner vce-single-image--absolute\" style=\"width: 100%; padding-bottom: 66.7532%;\"><img loading=\"lazy\" decoding=\"async\" class=\"vce-single-image\"  width=\"770\" height=\"514\" srcset=\"https:\/\/www.excarbonell.com\/wp\/wp-content\/uploads\/2022\/08\/ambit-geografic-320x214.jpg 320w, https:\/\/www.excarbonell.com\/wp\/wp-content\/uploads\/2022\/08\/ambit-geografic-480x320.jpg 480w, https:\/\/www.excarbonell.com\/wp\/wp-content\/uploads\/2023\/07\/ambit-geografic-770x514.jpg 770w\" src=\"https:\/\/www.excarbonell.com\/wp\/wp-content\/uploads\/2023\/07\/ambit-geografic-770x514.jpg\" data-img-src=\"https:\/\/www.excarbonell.com\/wp\/wp-content\/uploads\/2022\/08\/ambit-geografic.jpg\" data-attachment-id=\"80\"  alt=\"\" title=\"ambit geografic\" \/><\/div><\/div><figcaption hidden=\"\"><\/figcaption><\/figure><\/div><\/div><\/div><\/div><\/div><\/div><\/div><\/div><\/div><\/div><\/div><div class=\"vce-col vce-col--xs-100p vce-col--xs-visible vce-col--xs-last vce-col--xs-first vce-col--sm-100p vce-col--sm-visible vce-col--sm-last vce-col--sm-first vce-col--md-100p vce-col--md-visible vce-col--md-last vce-col--md-first vce-col--lg-auto vce-col--lg-visible vce-col--lg-last vce-col--xl-auto vce-col--xl-visible vce-col--xl-last\" id=\"el-3dbe9350\"><div class=\"vce-col-inner\" data-vce-do-apply=\"border margin background  el-3dbe9350\"><div class=\"vce-content-background-container\"><\/div><div class=\"vce-col-content\" data-vce-element-content=\"true\" data-vce-do-apply=\"padding el-3dbe9350\"><div class=\"vce-row-container\" data-vce-boxed-width=\"true\"><div class=\"vce-row vce-row--col-gap-30 vce-row-equal-height vce-row-content--top\" id=\"el-88ec21f8\" data-vce-do-apply=\"all el-88ec21f8\"><div class=\"vce-content-background-container\"><\/div><div class=\"vce-row-content\" data-vce-element-content=\"true\"><div class=\"vce-col vce-col--md-auto vce-col--xs-1 vce-col--xs-last vce-col--xs-first vce-col--sm-last vce-col--sm-first vce-col--md-last vce-col--lg-last vce-col--xl-last vce-col--md-first vce-col--lg-first vce-col--xl-first\" id=\"el-18508b9b\"><div class=\"vce-col-inner\" data-vce-do-apply=\"border margin background  el-18508b9b\"><div class=\"vce-col-content\" data-vce-element-content=\"true\" data-vce-do-apply=\"padding el-18508b9b\"><div class=\"vce-text-block\"><div class=\"vce-text-block-wrapper vce\" id=\"el-5843f0f8\" data-vce-do-apply=\"all el-5843f0f8\"><p>Algunos de nuestros clientes<\/p><\/div><\/div><div class=\"vce-row-container\" data-vce-boxed-width=\"true\"><div class=\"vce-row vce-row--col-gap-30 vce-row-equal-height vce-row-content--top\" id=\"el-984e68e5\" data-vce-do-apply=\"all el-984e68e5\"><div class=\"vce-content-background-container\"><\/div><div class=\"vce-row-content\" data-vce-element-content=\"true\"><div class=\"vce-col vce-col--xs-50p vce-col--xs-visible vce-col--xs-first vce-col--sm-50p vce-col--sm-visible vce-col--sm-first vce-col--md-33-33p vce-col--md-visible vce-col--md-first vce-col--lg-33-33p vce-col--lg-visible vce-col--lg-first vce-col--xl-33-33p vce-col--xl-visible vce-col--xl-first\" id=\"el-d36517d1\"><div class=\"vce-col-inner\" data-vce-do-apply=\"border margin background  el-d36517d1\"><div class=\"vce-col-content\" data-vce-element-content=\"true\" data-vce-do-apply=\"padding el-d36517d1\"><div class=\"vce-single-image-container vce-single-image--align-center\"><div class=\"vce vce-single-image-wrapper\" id=\"el-077e4a3d\" data-vce-do-apply=\"all el-077e4a3d\"><figure><div class=\"vce-single-image-figure-inner\" style=\"width: 90px;\"><div class=\"vce-single-image-inner vce-single-image--absolute\" style=\"width: 100%; padding-bottom: 72.2222%;\"><img loading=\"lazy\" decoding=\"async\" class=\"vce-single-image\"  width=\"90\" height=\"65\" srcset=\"https:\/\/www.excarbonell.com\/wp\/wp-content\/uploads\/2023\/07\/ajuntament-de-valls-320x231.png 320w, https:\/\/www.excarbonell.com\/wp\/wp-content\/uploads\/2023\/07\/ajuntament-de-valls-480x347.png 480w, https:\/\/www.excarbonell.com\/wp\/wp-content\/uploads\/2023\/07\/ajuntament-de-valls-800x578.png 800w, https:\/\/www.excarbonell.com\/wp\/wp-content\/uploads\/2023\/07\/ajuntament-de-valls-90x65.png 90w, https:\/\/www.excarbonell.com\/wp\/wp-content\/uploads\/2023\/07\/ajuntament-de-valls-180x130.png 2x\" src=\"https:\/\/www.excarbonell.com\/wp\/wp-content\/uploads\/2023\/07\/ajuntament-de-valls-90x65.png\" data-img-src=\"https:\/\/www.excarbonell.com\/wp\/wp-content\/uploads\/2022\/08\/ajuntament-de-valls.png\" data-attachment-id=\"149\"  alt=\"\" title=\"ajuntament-de-valls\" \/><\/div><\/div><figcaption hidden=\"\"><\/figcaption><\/figure><\/div><\/div><div class=\"vce-text-block small\"><div class=\"vce-text-block-wrapper vce\" id=\"el-4e905689\" data-vce-do-apply=\"all el-4e905689\"><p style=\"text-align: center;\"><strong>Ajuntament de Valls<\/strong><\/p><\/div><\/div><\/div><\/div><\/div><div class=\"vce-col vce-col--xs-50p vce-col--xs-visible vce-col--xs-last vce-col--sm-50p vce-col--sm-visible vce-col--sm-last vce-col--md-33-33p vce-col--md-visible vce-col--lg-33-33p vce-col--lg-visible vce-col--xl-33-33p vce-col--xl-visible\" id=\"el-2b985195\"><div class=\"vce-col-inner\" data-vce-do-apply=\"border margin background  el-2b985195\"><div class=\"vce-col-content\" data-vce-element-content=\"true\" data-vce-do-apply=\"padding el-2b985195\"><div class=\"vce-single-image-container vce-single-image--align-center\"><div class=\"vce vce-single-image-wrapper\" id=\"el-a80179f0\" data-vce-do-apply=\"all el-a80179f0\"><figure><div class=\"vce-single-image-figure-inner\" style=\"width: 90px;\"><div class=\"vce-single-image-inner vce-single-image--absolute\" style=\"width: 100%; padding-bottom: 72.2222%;\"><img loading=\"lazy\" decoding=\"async\" class=\"vce-single-image\"  width=\"90\" height=\"65\" srcset=\"https:\/\/www.excarbonell.com\/wp\/wp-content\/uploads\/2023\/07\/ajuntament-de-aiguamurcia-320x231.png 320w, https:\/\/www.excarbonell.com\/wp\/wp-content\/uploads\/2023\/07\/ajuntament-de-aiguamurcia-480x347.png 480w, https:\/\/www.excarbonell.com\/wp\/wp-content\/uploads\/2023\/07\/ajuntament-de-aiguamurcia-800x578.png 800w, https:\/\/www.excarbonell.com\/wp\/wp-content\/uploads\/2023\/07\/ajuntament-de-aiguamurcia-90x65.png 90w, https:\/\/www.excarbonell.com\/wp\/wp-content\/uploads\/2023\/07\/ajuntament-de-aiguamurcia-180x130.png 2x\" src=\"https:\/\/www.excarbonell.com\/wp\/wp-content\/uploads\/2023\/07\/ajuntament-de-aiguamurcia-90x65.png\" data-img-src=\"https:\/\/www.excarbonell.com\/wp\/wp-content\/uploads\/2022\/08\/ajuntament-de-aiguamurcia.png\" data-attachment-id=\"144\"  alt=\"\" title=\"ajuntament-de-aiguamurcia\" \/><\/div><\/div><figcaption hidden=\"\"><\/figcaption><\/figure><\/div><\/div><div class=\"vce-text-block small\"><div class=\"vce-text-block-wrapper vce\" id=\"el-a7579d25\" data-vce-do-apply=\"all el-a7579d25\"><p style=\"text-align: center;\"><strong>Ajuntament d\u2019Aiguam\u00farcia<\/strong><\/p><\/div><\/div><\/div><\/div><\/div><div class=\"vce-col vce-col--xs-50p vce-col--xs-visible vce-col--xs-first vce-col--sm-50p vce-col--sm-visible vce-col--sm-first vce-col--md-33-33p vce-col--md-visible vce-col--md-last vce-col--lg-33-33p vce-col--lg-visible vce-col--lg-last vce-col--xl-33-33p vce-col--xl-visible vce-col--xl-last\" id=\"el-c4f110c2\"><div class=\"vce-col-inner\" data-vce-do-apply=\"border margin background  el-c4f110c2\"><div class=\"vce-col-content\" data-vce-element-content=\"true\" data-vce-do-apply=\"padding el-c4f110c2\"><div class=\"vce-single-image-container vce-single-image--align-center\"><div class=\"vce vce-single-image-wrapper\" id=\"el-bb6edd77\" data-vce-do-apply=\"all el-bb6edd77\"><figure><div class=\"vce-single-image-figure-inner\" style=\"width: 90px;\"><div class=\"vce-single-image-inner vce-single-image--absolute\" style=\"width: 100%; padding-bottom: 72.2222%;\"><img loading=\"lazy\" decoding=\"async\" class=\"vce-single-image\"  width=\"90\" height=\"65\" srcset=\"https:\/\/www.excarbonell.com\/wp\/wp-content\/uploads\/2023\/07\/ajuntament-de-rourell-320x231.png 320w, https:\/\/www.excarbonell.com\/wp\/wp-content\/uploads\/2023\/07\/ajuntament-de-rourell-480x347.png 480w, https:\/\/www.excarbonell.com\/wp\/wp-content\/uploads\/2023\/07\/ajuntament-de-rourell-800x578.png 800w, https:\/\/www.excarbonell.com\/wp\/wp-content\/uploads\/2023\/07\/ajuntament-de-rourell-90x65.png 90w, https:\/\/www.excarbonell.com\/wp\/wp-content\/uploads\/2023\/07\/ajuntament-de-rourell-180x130.png 2x\" src=\"https:\/\/www.excarbonell.com\/wp\/wp-content\/uploads\/2023\/07\/ajuntament-de-rourell-90x65.png\" data-img-src=\"https:\/\/www.excarbonell.com\/wp\/wp-content\/uploads\/2022\/08\/ajuntament-de-rourell.png\" data-attachment-id=\"147\"  alt=\"\" title=\"ajuntament-de-rourell\" \/><\/div><\/div><figcaption hidden=\"\"><\/figcaption><\/figure><\/div><\/div><div class=\"vce-text-block small\"><div class=\"vce-text-block-wrapper vce\" id=\"el-8724f68b\" data-vce-do-apply=\"all el-8724f68b\"><p style=\"text-align: center;\"><strong>Ajuntament del Rourell<\/strong><\/p><\/div><\/div><\/div><\/div><\/div><div class=\"vce-col vce-col--xs-50p vce-col--xs-visible vce-col--xs-last vce-col--sm-50p vce-col--sm-visible vce-col--sm-last vce-col--md-33-33p vce-col--md-visible vce-col--md-first vce-col--lg-33-33p vce-col--lg-visible vce-col--lg-first vce-col--xl-33-33p vce-col--xl-visible vce-col--xl-first\" id=\"el-5fc9b6c0\"><div class=\"vce-col-inner\" data-vce-do-apply=\"border margin background  el-5fc9b6c0\"><div class=\"vce-col-content\" data-vce-element-content=\"true\" data-vce-do-apply=\"padding el-5fc9b6c0\"><div class=\"vce-single-image-container vce-single-image--align-center\"><div class=\"vce vce-single-image-wrapper\" id=\"el-f76e76f8\" data-vce-do-apply=\"all el-f76e76f8\"><figure><div class=\"vce-single-image-figure-inner\" style=\"width: 90px;\"><div class=\"vce-single-image-inner vce-single-image--absolute\" style=\"width: 100%; padding-bottom: 72.2222%;\"><img loading=\"lazy\" decoding=\"async\" class=\"vce-single-image\"  width=\"90\" height=\"65\" srcset=\"https:\/\/www.excarbonell.com\/wp\/wp-content\/uploads\/2023\/07\/ajuntament-de-vallmoll-320x231.png 320w, https:\/\/www.excarbonell.com\/wp\/wp-content\/uploads\/2023\/07\/ajuntament-de-vallmoll-480x347.png 480w, https:\/\/www.excarbonell.com\/wp\/wp-content\/uploads\/2023\/07\/ajuntament-de-vallmoll-800x578.png 800w, https:\/\/www.excarbonell.com\/wp\/wp-content\/uploads\/2023\/07\/ajuntament-de-vallmoll-90x65.png 90w, https:\/\/www.excarbonell.com\/wp\/wp-content\/uploads\/2023\/07\/ajuntament-de-vallmoll-180x130.png 2x\" src=\"https:\/\/www.excarbonell.com\/wp\/wp-content\/uploads\/2023\/07\/ajuntament-de-vallmoll-90x65.png\" data-img-src=\"https:\/\/www.excarbonell.com\/wp\/wp-content\/uploads\/2022\/08\/ajuntament-de-vallmoll.png\" data-attachment-id=\"148\"  alt=\"\" title=\"ajuntament-de-vallmoll\" \/><\/div><\/div><figcaption hidden=\"\"><\/figcaption><\/figure><\/div><\/div><div class=\"vce-text-block small\"><div class=\"vce-text-block-wrapper vce\" id=\"el-37781cb3\" data-vce-do-apply=\"all el-37781cb3\"><p style=\"text-align: center;\"><strong>Ajuntament de Vallmoll<\/strong><\/p><\/div><\/div><\/div><\/div><\/div><div class=\"vce-col vce-col--xs-50p vce-col--xs-visible vce-col--xs-first vce-col--sm-50p vce-col--sm-visible vce-col--sm-first vce-col--md-33-33p vce-col--md-visible vce-col--lg-33-33p vce-col--lg-visible vce-col--xl-33-33p vce-col--xl-visible\" id=\"el-38889494\"><div class=\"vce-col-inner\" data-vce-do-apply=\"border margin background  el-38889494\"><div class=\"vce-col-content\" data-vce-element-content=\"true\" data-vce-do-apply=\"padding el-38889494\"><div class=\"vce-single-image-container vce-single-image--align-center\"><div class=\"vce vce-single-image-wrapper\" id=\"el-119ff163\" data-vce-do-apply=\"all el-119ff163\"><figure><div class=\"vce-single-image-figure-inner\" style=\"width: 90px;\"><div class=\"vce-single-image-inner vce-single-image--absolute\" style=\"width: 100%; padding-bottom: 72.2222%;\"><img loading=\"lazy\" decoding=\"async\" class=\"vce-single-image\"  width=\"90\" height=\"65\" srcset=\"https:\/\/www.excarbonell.com\/wp\/wp-content\/uploads\/2023\/07\/ajuntament-de-puigpelat-320x231.png 320w, https:\/\/www.excarbonell.com\/wp\/wp-content\/uploads\/2023\/07\/ajuntament-de-puigpelat-480x347.png 480w, https:\/\/www.excarbonell.com\/wp\/wp-content\/uploads\/2023\/07\/ajuntament-de-puigpelat-800x578.png 800w, https:\/\/www.excarbonell.com\/wp\/wp-content\/uploads\/2023\/07\/ajuntament-de-puigpelat-90x65.png 90w, https:\/\/www.excarbonell.com\/wp\/wp-content\/uploads\/2023\/07\/ajuntament-de-puigpelat-180x130.png 2x\" src=\"https:\/\/www.excarbonell.com\/wp\/wp-content\/uploads\/2023\/07\/ajuntament-de-puigpelat-90x65.png\" data-img-src=\"https:\/\/www.excarbonell.com\/wp\/wp-content\/uploads\/2022\/08\/ajuntament-de-puigpelat.png\" data-attachment-id=\"146\"  alt=\"\" title=\"ajuntament-de-puigpelat\" \/><\/div><\/div><figcaption hidden=\"\"><\/figcaption><\/figure><\/div><\/div><div class=\"vce-text-block small\"><div class=\"vce-text-block-wrapper vce\" id=\"el-09f5a1e2\" data-vce-do-apply=\"all el-09f5a1e2\"><p style=\"text-align: center;\"><strong>Ajuntament de Puigpelat<\/strong><\/p><\/div><\/div><\/div><\/div><\/div><div class=\"vce-col vce-col--xs-50p vce-col--xs-visible vce-col--xs-last vce-col--sm-50p vce-col--sm-visible vce-col--sm-last vce-col--md-33-33p vce-col--md-visible vce-col--md-last vce-col--lg-33-33p vce-col--lg-visible vce-col--lg-last vce-col--xl-33-33p vce-col--xl-visible vce-col--xl-last\" id=\"el-b2561710\"><div class=\"vce-col-inner\" data-vce-do-apply=\"border margin background  el-b2561710\"><div class=\"vce-col-content\" data-vce-element-content=\"true\" data-vce-do-apply=\"padding el-b2561710\"><div class=\"vce-single-image-container vce-single-image--align-center\"><div class=\"vce vce-single-image-wrapper\" id=\"el-a4c7f223\" data-vce-do-apply=\"all el-a4c7f223\"><figure><div class=\"vce-single-image-figure-inner\" style=\"width: 90px;\"><div class=\"vce-single-image-inner vce-single-image--absolute\" style=\"width: 100%; padding-bottom: 72.2222%;\"><img loading=\"lazy\" decoding=\"async\" class=\"vce-single-image\"  width=\"90\" height=\"65\" srcset=\"https:\/\/www.excarbonell.com\/wp\/wp-content\/uploads\/2023\/07\/ajuntament-de-figuerola-320x231.png 320w, https:\/\/www.excarbonell.com\/wp\/wp-content\/uploads\/2023\/07\/ajuntament-de-figuerola-480x347.png 480w, https:\/\/www.excarbonell.com\/wp\/wp-content\/uploads\/2023\/07\/ajuntament-de-figuerola-800x578.png 800w, https:\/\/www.excarbonell.com\/wp\/wp-content\/uploads\/2023\/07\/ajuntament-de-figuerola-90x65.png 90w, https:\/\/www.excarbonell.com\/wp\/wp-content\/uploads\/2023\/07\/ajuntament-de-figuerola-180x130.png 2x\" src=\"https:\/\/www.excarbonell.com\/wp\/wp-content\/uploads\/2023\/07\/ajuntament-de-figuerola-90x65.png\" data-img-src=\"https:\/\/www.excarbonell.com\/wp\/wp-content\/uploads\/2022\/08\/ajuntament-de-figuerola.png\" data-attachment-id=\"145\"  alt=\"\" title=\"ajuntament-de-figuerola\" \/><\/div><\/div><figcaption hidden=\"\"><\/figcaption><\/figure><\/div><\/div><div class=\"vce-text-block small\"><div class=\"vce-text-block-wrapper vce\" id=\"el-d3393d25\" data-vce-do-apply=\"all el-d3393d25\"><p style=\"text-align: center;\"><strong>Ajuntament de Figuerola<\/strong><\/p><\/div><\/div><\/div><\/div><\/div><div class=\"vce-col vce-col--xs-50p vce-col--xs-visible vce-col--xs-first vce-col--sm-50p vce-col--sm-visible vce-col--sm-first vce-col--md-33-33p vce-col--md-visible vce-col--md-first vce-col--lg-33-33p vce-col--lg-visible vce-col--lg-first vce-col--xl-33-33p vce-col--xl-visible vce-col--xl-first\" id=\"el-c1afd52b\"><div class=\"vce-col-inner\" data-vce-do-apply=\"border margin background  el-c1afd52b\"><div class=\"vce-col-content\" data-vce-element-content=\"true\" data-vce-do-apply=\"padding el-c1afd52b\"><div class=\"vce-single-image-container vce-single-image--align-center\"><div class=\"vce vce-single-image-wrapper\" id=\"el-dc52169e\" data-vce-do-apply=\"all el-dc52169e\"><figure><div class=\"vce-single-image-figure-inner\" style=\"width: 90px;\"><div class=\"vce-single-image-inner vce-single-image--absolute\" style=\"width: 100%; padding-bottom: 72.2222%;\"><img loading=\"lazy\" decoding=\"async\" class=\"vce-single-image\"  width=\"90\" height=\"65\" srcset=\"https:\/\/www.excarbonell.com\/wp\/wp-content\/uploads\/2023\/07\/ajuntament-de-vilarodona-320x231.png 320w, https:\/\/www.excarbonell.com\/wp\/wp-content\/uploads\/2023\/07\/ajuntament-de-vilarodona-480x347.png 480w, https:\/\/www.excarbonell.com\/wp\/wp-content\/uploads\/2023\/07\/ajuntament-de-vilarodona-800x578.png 800w, https:\/\/www.excarbonell.com\/wp\/wp-content\/uploads\/2023\/07\/ajuntament-de-vilarodona-90x65.png 90w, https:\/\/www.excarbonell.com\/wp\/wp-content\/uploads\/2023\/07\/ajuntament-de-vilarodona-180x130.png 2x\" src=\"https:\/\/www.excarbonell.com\/wp\/wp-content\/uploads\/2023\/07\/ajuntament-de-vilarodona-90x65.png\" data-img-src=\"https:\/\/www.excarbonell.com\/wp\/wp-content\/uploads\/2022\/08\/ajuntament-de-vilarodona.png\" data-attachment-id=\"150\"  alt=\"\" title=\"ajuntament-de-vilarodona\" \/><\/div><\/div><figcaption hidden=\"\"><\/figcaption><\/figure><\/div><\/div><div class=\"vce-text-block small\"><div class=\"vce-text-block-wrapper vce\" id=\"el-55a17791\" data-vce-do-apply=\"all el-55a17791\"><p style=\"text-align: center;\"><strong>Ajuntament de <br>Vila-rodona<\/strong><\/p><\/div><\/div><\/div><\/div><\/div><div class=\"vce-col vce-col--xs-50p vce-col--xs-visible vce-col--xs-last vce-col--sm-50p vce-col--sm-visible vce-col--sm-last vce-col--md-33-33p vce-col--md-visible vce-col--md-last vce-col--lg-33-33p vce-col--lg-visible vce-col--lg-last vce-col--xl-33-33p vce-col--xl-visible vce-col--xl-last\" id=\"el-a0418b44\"><div class=\"vce-col-inner\" data-vce-do-apply=\"border margin background  el-a0418b44\"><div class=\"vce-col-content\" data-vce-element-content=\"true\" data-vce-do-apply=\"padding el-a0418b44\"><div class=\"vce-single-image-container vce-single-image--align-center\"><div class=\"vce vce-single-image-wrapper\" id=\"el-843aadbf\" data-vce-do-apply=\"all el-843aadbf\"><figure><div class=\"vce-single-image-figure-inner\" style=\"width: 90px;\"><div class=\"vce-single-image-inner vce-single-image--absolute\" style=\"width: 100%; padding-bottom: 72.2222%;\"><img loading=\"lazy\" decoding=\"async\" class=\"vce-single-image\"  width=\"90\" height=\"65\" srcset=\"https:\/\/www.excarbonell.com\/wp\/wp-content\/uploads\/2023\/07\/generalitat-de-catalunya-1-320x231.png 320w, https:\/\/www.excarbonell.com\/wp\/wp-content\/uploads\/2023\/07\/generalitat-de-catalunya-1-480x347.png 480w, https:\/\/www.excarbonell.com\/wp\/wp-content\/uploads\/2023\/07\/generalitat-de-catalunya-1-800x578.png 800w, https:\/\/www.excarbonell.com\/wp\/wp-content\/uploads\/2023\/07\/generalitat-de-catalunya-1-90x65.png 90w, https:\/\/www.excarbonell.com\/wp\/wp-content\/uploads\/2023\/07\/generalitat-de-catalunya-1-180x130.png 2x\" src=\"https:\/\/www.excarbonell.com\/wp\/wp-content\/uploads\/2023\/07\/generalitat-de-catalunya-1-90x65.png\" data-img-src=\"https:\/\/www.excarbonell.com\/wp\/wp-content\/uploads\/2022\/08\/generalitat-de-catalunya-1.png\" data-attachment-id=\"157\"  alt=\"\" title=\"generalitat-de-catalunya\" \/><\/div><\/div><figcaption hidden=\"\"><\/figcaption><\/figure><\/div><\/div><div class=\"vce-text-block small\"><div class=\"vce-text-block-wrapper vce\" id=\"el-33bb9b10\" data-vce-do-apply=\"all el-33bb9b10\"><p style=\"text-align: center;\"><strong>Generalitat de Catalunya<\/strong><\/p><\/div><\/div><\/div><\/div><\/div><\/div><\/div><\/div><\/div><\/div><\/div><\/div><\/div><\/div><\/div><\/div><\/div><\/div><\/div><\/div>","protected":false},"excerpt":{"rendered":"<p>La experiencia de tres generaciones Carbonell Excavacions es una empresa familiar de 3\u00aa generaci\u00f3n que ha mantenido el esp\u00edritu de autoexigencia y superaci\u00f3n de Santiago Carbonell Alas\u00e0, que inici\u00f3 la actividad a principios de los a\u00f1os 30 en Vallmoll.&nbsp;&nbsp;&nbsp; Disponemos de un equipo humano altamente cualificado con una larga experiencia y en constante formaci\u00f3n, que [&hellip;]<\/p>\n","protected":false},"author":1,"featured_media":0,"parent":0,"menu_order":0,"comment_status":"closed","ping_status":"closed","template":"","meta":{"footnotes":""},"class_list":["post-381","page","type-page","status-publish","hentry"],"_links":{"self":[{"href":"https:\/\/www.excarbonell.com\/es\/wp-json\/wp\/v2\/pages\/381","targetHints":{"allow":["GET"]}}],"collection":[{"href":"https:\/\/www.excarbonell.com\/es\/wp-json\/wp\/v2\/pages"}],"about":[{"href":"https:\/\/www.excarbonell.com\/es\/wp-json\/wp\/v2\/types\/page"}],"author":[{"embeddable":true,"href":"https:\/\/www.excarbonell.com\/es\/wp-json\/wp\/v2\/users\/1"}],"replies":[{"embeddable":true,"href":"https:\/\/www.excarbonell.com\/es\/wp-json\/wp\/v2\/comments?post=381"}],"version-history":[{"count":2,"href":"https:\/\/www.excarbonell.com\/es\/wp-json\/wp\/v2\/pages\/381\/revisions"}],"predecessor-version":[{"id":397,"href":"https:\/\/www.excarbonell.com\/es\/wp-json\/wp\/v2\/pages\/381\/revisions\/397"}],"wp:attachment":[{"href":"https:\/\/www.excarbonell.com\/es\/wp-json\/wp\/v2\/media?parent=381"}],"curies":[{"name":"wp","href":"https:\/\/api.w.org\/{rel}","templated":true}]}}